{"id":1239,"date":"2021-03-24T22:34:59","date_gmt":"2021-03-25T03:34:59","guid":{"rendered":"https:\/\/bomberospelileo.gob.ec\/web\/?page_id=1239"},"modified":"2025-01-14T08:37:09","modified_gmt":"2025-01-14T13:37:09","slug":"directorio-institucional","status":"publish","type":"page","link":"https:\/\/bomberospelileo.gob.ec\/web\/directorio-institucional\/","title":{"rendered":"Equipo Administrativo"},"content":{"rendered":"\t\t<div data-elementor-type=\"wp-page\" data-elementor-id=\"1239\" class=\"elementor elementor-1239\">\n\t\t\t\t\t\t<section class=\"elementor-section elementor-top-section elementor-element elementor-element-b0bb3a9 elementor-section-boxed elementor-section-height-default elementor-section-height-default\" data-id=\"b0bb3a9\" data-element_type=\"section\">\n\t\t\t\t\t\t<div class=\"elementor-container elementor-column-gap-default\">\n\t\t\t\t\t<div class=\"elementor-column elementor-col-100 elementor-top-column elementor-element elementor-element-f296c7f\" data-id=\"f296c7f\" data-element_type=\"column\">\n\t\t\t<div class=\"elementor-widget-wrap elementor-element-populated\">\n\t\t\t\t\t\t<div class=\"elementor-element elementor-element-de36333 elementor-widget elementor-widget-firbrigs_team\" data-id=\"de36333\" data-element_type=\"widget\" data-widget_type=\"firbrigs_team.default\">\n\t\t\t\t<div class=\"elementor-widget-container\">\n\t\t\t<!-- team-section -->\n\n\n<section class=\"team-page-section centred\">\n\t<div class=\"auto-container\">\n\t\t\t\t<div class=\"sec-title centred\">\n\t\t\t<p><\/p>\n\t\t\t<!-- Title -->\n\t\t\t<h2 class=\"typo-title-text\">\n\t\t\t\tEquipo Administrativo <\/h2>\n\t\t\t<!-- Title -->\n\t\t<\/div>\n\t\t\t\t<div class=\"row clearfix\">\n\t\t\t\n\t\t\t<div class=\"col-lg-4 col-md-6 col-sm-12 team-block\">\n\t\t\t\t<div class=\"team-block-one wow fadeInUp animated animated\" data-wow-delay=\"00ms\"\n\t\t\t\t\tdata-wow-duration=\"1500ms\">\n\t\t\t\t\t<div class=\"inner-box\">\n\t\t\t\t\t\t<figure class=\"image-box\"><img decoding=\"async\" width=\"161\" height=\"270\" src=\"https:\/\/bomberospelileo.gob.ec\/web\/wp-content\/uploads\/2025\/01\/jefapng.png\" class=\"attachment-full size-full wp-image-6026\" alt=\"\" \/><\/figure>\n\t\t\t\t\t\t<div class=\"lower-content\">\n\t\t\t\t\t\t\t<h4>Tnte. Crnl. Eliana Perez<\/h4>\n\t\t\t\t\t\t\t<span class=\"designation\">Director Estrat\u00e9gico Encargado <\/span>\n\t\t\t\t\t\t\t<ul class=\"social-links clearfix\">\n\t\t\t\t\t\t\t\t\t\t\t\t\t\t\t<\/ul>\n\t\t\t\t\t\t<\/div>\n\t\t\t\t\t<\/div>\n\t\t\t\t<\/div>\n\t\t\t<\/div>\n\n\t\t\t\t\n\t\t\t<div class=\"col-lg-4 col-md-6 col-sm-12 team-block\">\n\t\t\t\t<div class=\"team-block-one wow fadeInUp animated animated\" data-wow-delay=\"00ms\"\n\t\t\t\t\tdata-wow-duration=\"1500ms\">\n\t\t\t\t\t<div class=\"inner-box\">\n\t\t\t\t\t\t<figure class=\"image-box\"><img fetchpriority=\"high\" decoding=\"async\" width=\"370\" height=\"408\" src=\"https:\/\/bomberospelileo.gob.ec\/web\/wp-content\/uploads\/2021\/04\/teniente-paul-sanchez-pelileo.jpg\" class=\"attachment-full size-full wp-image-1777\" alt=\"\" srcset=\"https:\/\/bomberospelileo.gob.ec\/web\/wp-content\/uploads\/2021\/04\/teniente-paul-sanchez-pelileo.jpg 370w, https:\/\/bomberospelileo.gob.ec\/web\/wp-content\/uploads\/2021\/04\/teniente-paul-sanchez-pelileo-272x300.jpg 272w\" sizes=\"(max-width: 370px) 100vw, 370px\" \/><\/figure>\n\t\t\t\t\t\t<div class=\"lower-content\">\n\t\t\t\t\t\t\t<h4>Tnte. Ing. Pa\u00fal S\u00e1nchez<\/h4>\n\t\t\t\t\t\t\t<span class=\"designation\">Jefe de Operaciones y Manejo de Riesgos<\/span>\n\t\t\t\t\t\t\t<ul class=\"social-links clearfix\">\n\t\t\t\t\t\t\t\t\t\t\t\t\t\t\t<\/ul>\n\t\t\t\t\t\t<\/div>\n\t\t\t\t\t<\/div>\n\t\t\t\t<\/div>\n\t\t\t<\/div>\n\n\t\t\t\t\n\t\t\t<div class=\"col-lg-4 col-md-6 col-sm-12 team-block\">\n\t\t\t\t<div class=\"team-block-one wow fadeInUp animated animated\" data-wow-delay=\"00ms\"\n\t\t\t\t\tdata-wow-duration=\"1500ms\">\n\t\t\t\t\t<div class=\"inner-box\">\n\t\t\t\t\t\t<figure class=\"image-box\"><img decoding=\"async\" width=\"2485\" height=\"2560\" src=\"https:\/\/bomberospelileo.gob.ec\/web\/wp-content\/uploads\/2023\/09\/ing.-natalia-medina-scaled.jpeg\" class=\"attachment-full size-full wp-image-5268\" alt=\"\" srcset=\"https:\/\/bomberospelileo.gob.ec\/web\/wp-content\/uploads\/2023\/09\/ing.-natalia-medina-scaled.jpeg 2485w, https:\/\/bomberospelileo.gob.ec\/web\/wp-content\/uploads\/2023\/09\/ing.-natalia-medina-291x300.jpeg 291w, https:\/\/bomberospelileo.gob.ec\/web\/wp-content\/uploads\/2023\/09\/ing.-natalia-medina-994x1024.jpeg 994w, https:\/\/bomberospelileo.gob.ec\/web\/wp-content\/uploads\/2023\/09\/ing.-natalia-medina-768x791.jpeg 768w, https:\/\/bomberospelileo.gob.ec\/web\/wp-content\/uploads\/2023\/09\/ing.-natalia-medina-1491x1536.jpeg 1491w, https:\/\/bomberospelileo.gob.ec\/web\/wp-content\/uploads\/2023\/09\/ing.-natalia-medina-1988x2048.jpeg 1988w\" sizes=\"(max-width: 2485px) 100vw, 2485px\" \/><\/figure>\n\t\t\t\t\t\t<div class=\"lower-content\">\n\t\t\t\t\t\t\t<h4>Ing. Natalia Medina<\/h4>\n\t\t\t\t\t\t\t<span class=\"designation\">Secretaria General<\/span>\n\t\t\t\t\t\t\t<ul class=\"social-links clearfix\">\n\t\t\t\t\t\t\t\t\t\t\t\t\t\t\t<\/ul>\n\t\t\t\t\t\t<\/div>\n\t\t\t\t\t<\/div>\n\t\t\t\t<\/div>\n\t\t\t<\/div>\n\n\t\t\t\t\n\t\t\t<div class=\"col-lg-4 col-md-6 col-sm-12 team-block\">\n\t\t\t\t<div class=\"team-block-one wow fadeInUp animated animated\" data-wow-delay=\"00ms\"\n\t\t\t\t\tdata-wow-duration=\"1500ms\">\n\t\t\t\t\t<div class=\"inner-box\">\n\t\t\t\t\t\t<figure class=\"image-box\"><img loading=\"lazy\" decoding=\"async\" width=\"2476\" height=\"2560\" src=\"https:\/\/bomberospelileo.gob.ec\/web\/wp-content\/uploads\/2023\/09\/ing.-juan-carrasco-scaled.jpeg\" class=\"attachment-full size-full wp-image-5269\" alt=\"\" srcset=\"https:\/\/bomberospelileo.gob.ec\/web\/wp-content\/uploads\/2023\/09\/ing.-juan-carrasco-scaled.jpeg 2476w, https:\/\/bomberospelileo.gob.ec\/web\/wp-content\/uploads\/2023\/09\/ing.-juan-carrasco-290x300.jpeg 290w, https:\/\/bomberospelileo.gob.ec\/web\/wp-content\/uploads\/2023\/09\/ing.-juan-carrasco-991x1024.jpeg 991w, https:\/\/bomberospelileo.gob.ec\/web\/wp-content\/uploads\/2023\/09\/ing.-juan-carrasco-768x794.jpeg 768w, https:\/\/bomberospelileo.gob.ec\/web\/wp-content\/uploads\/2023\/09\/ing.-juan-carrasco-1486x1536.jpeg 1486w, https:\/\/bomberospelileo.gob.ec\/web\/wp-content\/uploads\/2023\/09\/ing.-juan-carrasco-1981x2048.jpeg 1981w\" sizes=\"(max-width: 2476px) 100vw, 2476px\" \/><\/figure>\n\t\t\t\t\t\t<div class=\"lower-content\">\n\t\t\t\t\t\t\t<h4>Ing. Juan Carrasco<\/h4>\n\t\t\t\t\t\t\t<span class=\"designation\">Analista de Talento Humano<\/span>\n\t\t\t\t\t\t\t<ul class=\"social-links clearfix\">\n\t\t\t\t\t\t\t\t\t\t\t\t\t\t\t<\/ul>\n\t\t\t\t\t\t<\/div>\n\t\t\t\t\t<\/div>\n\t\t\t\t<\/div>\n\t\t\t<\/div>\n\n\t\t\t\t\n\t\t\t<div class=\"col-lg-4 col-md-6 col-sm-12 team-block\">\n\t\t\t\t<div class=\"team-block-one wow fadeInUp animated animated\" data-wow-delay=\"00ms\"\n\t\t\t\t\tdata-wow-duration=\"1500ms\">\n\t\t\t\t\t<div class=\"inner-box\">\n\t\t\t\t\t\t<figure class=\"image-box\"><img loading=\"lazy\" decoding=\"async\" width=\"2560\" height=\"2480\" src=\"https:\/\/bomberospelileo.gob.ec\/web\/wp-content\/uploads\/2023\/09\/Ing.-cristina-paredes-scaled.jpeg\" class=\"attachment-full size-full wp-image-5272\" alt=\"\" srcset=\"https:\/\/bomberospelileo.gob.ec\/web\/wp-content\/uploads\/2023\/09\/Ing.-cristina-paredes-scaled.jpeg 2560w, https:\/\/bomberospelileo.gob.ec\/web\/wp-content\/uploads\/2023\/09\/Ing.-cristina-paredes-300x291.jpeg 300w, https:\/\/bomberospelileo.gob.ec\/web\/wp-content\/uploads\/2023\/09\/Ing.-cristina-paredes-1024x992.jpeg 1024w, https:\/\/bomberospelileo.gob.ec\/web\/wp-content\/uploads\/2023\/09\/Ing.-cristina-paredes-768x744.jpeg 768w, https:\/\/bomberospelileo.gob.ec\/web\/wp-content\/uploads\/2023\/09\/Ing.-cristina-paredes-1536x1488.jpeg 1536w, https:\/\/bomberospelileo.gob.ec\/web\/wp-content\/uploads\/2023\/09\/Ing.-cristina-paredes-2048x1984.jpeg 2048w\" sizes=\"(max-width: 2560px) 100vw, 2560px\" \/><\/figure>\n\t\t\t\t\t\t<div class=\"lower-content\">\n\t\t\t\t\t\t\t<h4>Ing. Cristina Paredes<\/h4>\n\t\t\t\t\t\t\t<span class=\"designation\">Compras P\u00fablicas<\/span>\n\t\t\t\t\t\t\t<ul class=\"social-links clearfix\">\n\t\t\t\t\t\t\t\t\t\t\t\t\t\t\t<\/ul>\n\t\t\t\t\t\t<\/div>\n\t\t\t\t\t<\/div>\n\t\t\t\t<\/div>\n\t\t\t<\/div>\n\n\t\t\t\t\n\t\t\t<div class=\"col-lg-4 col-md-6 col-sm-12 team-block\">\n\t\t\t\t<div class=\"team-block-one wow fadeInUp animated animated\" data-wow-delay=\"00ms\"\n\t\t\t\t\tdata-wow-duration=\"1500ms\">\n\t\t\t\t\t<div class=\"inner-box\">\n\t\t\t\t\t\t<figure class=\"image-box\"><img loading=\"lazy\" decoding=\"async\" width=\"2560\" height=\"2425\" src=\"https:\/\/bomberospelileo.gob.ec\/web\/wp-content\/uploads\/2023\/09\/Lic.-mayra-salazar-scaled.jpeg\" class=\"attachment-full size-full wp-image-5273\" alt=\"\" srcset=\"https:\/\/bomberospelileo.gob.ec\/web\/wp-content\/uploads\/2023\/09\/Lic.-mayra-salazar-scaled.jpeg 2560w, https:\/\/bomberospelileo.gob.ec\/web\/wp-content\/uploads\/2023\/09\/Lic.-mayra-salazar-300x284.jpeg 300w, https:\/\/bomberospelileo.gob.ec\/web\/wp-content\/uploads\/2023\/09\/Lic.-mayra-salazar-1024x970.jpeg 1024w, https:\/\/bomberospelileo.gob.ec\/web\/wp-content\/uploads\/2023\/09\/Lic.-mayra-salazar-768x728.jpeg 768w, https:\/\/bomberospelileo.gob.ec\/web\/wp-content\/uploads\/2023\/09\/Lic.-mayra-salazar-1536x1455.jpeg 1536w, https:\/\/bomberospelileo.gob.ec\/web\/wp-content\/uploads\/2023\/09\/Lic.-mayra-salazar-2048x1940.jpeg 2048w\" sizes=\"(max-width: 2560px) 100vw, 2560px\" \/><\/figure>\n\t\t\t\t\t\t<div class=\"lower-content\">\n\t\t\t\t\t\t\t<h4>Lcda. Mayra Salazar<\/h4>\n\t\t\t\t\t\t\t<span class=\"designation\">Tesorer\u00eda<\/span>\n\t\t\t\t\t\t\t<ul class=\"social-links clearfix\">\n\t\t\t\t\t\t\t\t\t\t\t\t\t\t\t<\/ul>\n\t\t\t\t\t\t<\/div>\n\t\t\t\t\t<\/div>\n\t\t\t\t<\/div>\n\t\t\t<\/div>\n\n\t\t\t\t\n\t\t\t<div class=\"col-lg-4 col-md-6 col-sm-12 team-block\">\n\t\t\t\t<div class=\"team-block-one wow fadeInUp animated animated\" data-wow-delay=\"00ms\"\n\t\t\t\t\tdata-wow-duration=\"1500ms\">\n\t\t\t\t\t<div class=\"inner-box\">\n\t\t\t\t\t\t<figure class=\"image-box\"><img loading=\"lazy\" decoding=\"async\" width=\"2560\" height=\"2414\" src=\"https:\/\/bomberospelileo.gob.ec\/web\/wp-content\/uploads\/2023\/09\/ing.-jorge-cespedes-scaled.jpeg\" class=\"attachment-full size-full wp-image-5275\" alt=\"\" srcset=\"https:\/\/bomberospelileo.gob.ec\/web\/wp-content\/uploads\/2023\/09\/ing.-jorge-cespedes-scaled.jpeg 2560w, https:\/\/bomberospelileo.gob.ec\/web\/wp-content\/uploads\/2023\/09\/ing.-jorge-cespedes-300x283.jpeg 300w, https:\/\/bomberospelileo.gob.ec\/web\/wp-content\/uploads\/2023\/09\/ing.-jorge-cespedes-1024x965.jpeg 1024w, https:\/\/bomberospelileo.gob.ec\/web\/wp-content\/uploads\/2023\/09\/ing.-jorge-cespedes-768x724.jpeg 768w, https:\/\/bomberospelileo.gob.ec\/web\/wp-content\/uploads\/2023\/09\/ing.-jorge-cespedes-1536x1448.jpeg 1536w, https:\/\/bomberospelileo.gob.ec\/web\/wp-content\/uploads\/2023\/09\/ing.-jorge-cespedes-2048x1931.jpeg 2048w\" sizes=\"(max-width: 2560px) 100vw, 2560px\" \/><\/figure>\n\t\t\t\t\t\t<div class=\"lower-content\">\n\t\t\t\t\t\t\t<h4>Ing. Jorge C\u00e9spedes<\/h4>\n\t\t\t\t\t\t\t<span class=\"designation\">Analista de Tecnolog\u00edas de la Informaci\u00f3n<\/span>\n\t\t\t\t\t\t\t<ul class=\"social-links clearfix\">\n\t\t\t\t\t\t\t\t\t\t\t\t\t\t\t<\/ul>\n\t\t\t\t\t\t<\/div>\n\t\t\t\t\t<\/div>\n\t\t\t\t<\/div>\n\t\t\t<\/div>\n\n\t\t\t\t\n\t\t\t<div class=\"col-lg-4 col-md-6 col-sm-12 team-block\">\n\t\t\t\t<div class=\"team-block-one wow fadeInUp animated animated\" data-wow-delay=\"00ms\"\n\t\t\t\t\tdata-wow-duration=\"1500ms\">\n\t\t\t\t\t<div class=\"inner-box\">\n\t\t\t\t\t\t<figure class=\"image-box\"><img loading=\"lazy\" decoding=\"async\" width=\"2157\" height=\"2560\" src=\"https:\/\/bomberospelileo.gob.ec\/web\/wp-content\/uploads\/2023\/09\/Tnlga.-Maria-Villarroel-scaled.jpeg\" class=\"attachment-full size-full wp-image-5278\" alt=\"\" srcset=\"https:\/\/bomberospelileo.gob.ec\/web\/wp-content\/uploads\/2023\/09\/Tnlga.-Maria-Villarroel-scaled.jpeg 2157w, https:\/\/bomberospelileo.gob.ec\/web\/wp-content\/uploads\/2023\/09\/Tnlga.-Maria-Villarroel-253x300.jpeg 253w, https:\/\/bomberospelileo.gob.ec\/web\/wp-content\/uploads\/2023\/09\/Tnlga.-Maria-Villarroel-863x1024.jpeg 863w, https:\/\/bomberospelileo.gob.ec\/web\/wp-content\/uploads\/2023\/09\/Tnlga.-Maria-Villarroel-768x912.jpeg 768w, https:\/\/bomberospelileo.gob.ec\/web\/wp-content\/uploads\/2023\/09\/Tnlga.-Maria-Villarroel-1294x1536.jpeg 1294w, https:\/\/bomberospelileo.gob.ec\/web\/wp-content\/uploads\/2023\/09\/Tnlga.-Maria-Villarroel-1726x2048.jpeg 1726w\" sizes=\"(max-width: 2157px) 100vw, 2157px\" \/><\/figure>\n\t\t\t\t\t\t<div class=\"lower-content\">\n\t\t\t\t\t\t\t<h4>Tnlga. Mar\u00eda Villarroel<\/h4>\n\t\t\t\t\t\t\t<span class=\"designation\">Contadora<\/span>\n\t\t\t\t\t\t\t<ul class=\"social-links clearfix\">\n\t\t\t\t\t\t\t\t\t\t\t\t\t\t\t<\/ul>\n\t\t\t\t\t\t<\/div>\n\t\t\t\t\t<\/div>\n\t\t\t\t<\/div>\n\t\t\t<\/div>\n\n\t\t\t\t\n\t\t\t<div class=\"col-lg-4 col-md-6 col-sm-12 team-block\">\n\t\t\t\t<div class=\"team-block-one wow fadeInUp animated animated\" data-wow-delay=\"00ms\"\n\t\t\t\t\tdata-wow-duration=\"1500ms\">\n\t\t\t\t\t<div class=\"inner-box\">\n\t\t\t\t\t\t<figure class=\"image-box\"><img loading=\"lazy\" decoding=\"async\" width=\"2560\" height=\"2303\" src=\"https:\/\/bomberospelileo.gob.ec\/web\/wp-content\/uploads\/2023\/09\/Sr.-german-gavilanez-scaled.jpeg\" class=\"attachment-full size-full wp-image-5283\" alt=\"\" srcset=\"https:\/\/bomberospelileo.gob.ec\/web\/wp-content\/uploads\/2023\/09\/Sr.-german-gavilanez-scaled.jpeg 2560w, https:\/\/bomberospelileo.gob.ec\/web\/wp-content\/uploads\/2023\/09\/Sr.-german-gavilanez-300x270.jpeg 300w, https:\/\/bomberospelileo.gob.ec\/web\/wp-content\/uploads\/2023\/09\/Sr.-german-gavilanez-1024x921.jpeg 1024w, https:\/\/bomberospelileo.gob.ec\/web\/wp-content\/uploads\/2023\/09\/Sr.-german-gavilanez-768x691.jpeg 768w, https:\/\/bomberospelileo.gob.ec\/web\/wp-content\/uploads\/2023\/09\/Sr.-german-gavilanez-1536x1382.jpeg 1536w, https:\/\/bomberospelileo.gob.ec\/web\/wp-content\/uploads\/2023\/09\/Sr.-german-gavilanez-2048x1843.jpeg 2048w\" sizes=\"(max-width: 2560px) 100vw, 2560px\" \/><\/figure>\n\t\t\t\t\t\t<div class=\"lower-content\">\n\t\t\t\t\t\t\t<h4>Sr. German Gavil\u00e1nez<\/h4>\n\t\t\t\t\t\t\t<span class=\"designation\">Auxiliar de Servicio<\/span>\n\t\t\t\t\t\t\t<ul class=\"social-links clearfix\">\n\t\t\t\t\t\t\t\t\t\t\t\t\t\t\t<\/ul>\n\t\t\t\t\t\t<\/div>\n\t\t\t\t\t<\/div>\n\t\t\t\t<\/div>\n\t\t\t<\/div>\n\n\t\t\t\t\t\t<\/div>\n\t<\/div>\n<\/section>\n<!-- team-section end -->\n\t\t\t\t<\/div>\n\t\t\t\t<\/div>\n\t\t\t\t\t<\/div>\n\t\t<\/div>\n\t\t\t\t\t<\/div>\n\t\t<\/section>\n\t\t\t\t<\/div>\n\t\t","protected":false},"excerpt":{"rendered":"<p>Equipo Administrativo Tnte. Crnl. Eliana Perez Director Estrat\u00e9gico Encargado Tnte. Ing. Pa\u00fal S\u00e1nchez Jefe de Operaciones y Manejo de Riesgos [&hellip;]<\/p>\n","protected":false},"author":1,"featured_media":5106,"parent":0,"menu_order":0,"comment_status":"closed","ping_status":"closed","template":"elementor_header_footer","meta":{"footnotes":""},"class_list":["post-1239","page","type-page","status-publish","has-post-thumbnail","hentry"],"_links":{"self":[{"href":"https:\/\/bomberospelileo.gob.ec\/web\/wp-json\/wp\/v2\/pages\/1239","targetHints":{"allow":["GET"]}}],"collection":[{"href":"https:\/\/bomberospelileo.gob.ec\/web\/wp-json\/wp\/v2\/pages"}],"about":[{"href":"https:\/\/bomberospelileo.gob.ec\/web\/wp-json\/wp\/v2\/types\/page"}],"author":[{"embeddable":true,"href":"https:\/\/bomberospelileo.gob.ec\/web\/wp-json\/wp\/v2\/users\/1"}],"replies":[{"embeddable":true,"href":"https:\/\/bomberospelileo.gob.ec\/web\/wp-json\/wp\/v2\/comments?post=1239"}],"version-history":[{"count":142,"href":"https:\/\/bomberospelileo.gob.ec\/web\/wp-json\/wp\/v2\/pages\/1239\/revisions"}],"predecessor-version":[{"id":6030,"href":"https:\/\/bomberospelileo.gob.ec\/web\/wp-json\/wp\/v2\/pages\/1239\/revisions\/6030"}],"wp:featuredmedia":[{"embeddable":true,"href":"https:\/\/bomberospelileo.gob.ec\/web\/wp-json\/wp\/v2\/media\/5106"}],"wp:attachment":[{"href":"https:\/\/bomberospelileo.gob.ec\/web\/wp-json\/wp\/v2\/media?parent=1239"}],"curies":[{"name":"wp","href":"https:\/\/api.w.org\/{rel}","templated":true}]}}